{"id":1107,"date":"2026-01-07T22:22:19","date_gmt":"2026-01-07T21:22:19","guid":{"rendered":"https:\/\/foreningenkult.dk\/?post_type=tribe_events&#038;p=1107"},"modified":"2026-01-08T21:05:24","modified_gmt":"2026-01-08T20:05:24","slug":"myrkr-moerknings-aesken-en-hyldest-til-moerket","status":"publish","type":"tribe_events","link":"http:\/\/foreningenkult.dk\/?tribe_events=myrkr-moerknings-aesken-en-hyldest-til-moerket","title":{"rendered":"MYRKR &#8211; M\u00f8rknings \u00c6sken: En hyldest til m\u00f8rket"},"content":{"rendered":"<p><span style=\"font-weight: 400;\">Tidligere var naturens lys og m\u00f8rke med til at definere, hvorn\u00e5r vi arbejdede, hvorn\u00e5r vi sov, og hvordan vi var sammen. M\u00f8rket var den naturlige, rolige afslutning p\u00e5 en aktiv dag. Her samledes man n\u00e5r m\u00f8rket begyndte at falde p\u00e5 under skumringen og foretog sig aktiviteter, der kr\u00e6vede ingen eller kun svagt lys fra en enkelt lampe eller et stearinlys. Man fulgtes med den naturlige overgang i d\u00f8gnet fra aktiv, lys dag til m\u00f8rk og indadvendt, rolig aften og nat med hvile.<\/span><\/p>\n<p>M\u00f8rknings \u00c6sken er MYRKRs hyldest til m\u00f8rket. Et m\u00f8rkningsalter, som sanseligt og poetisk tager os p\u00e5 en rejse ind i tusm\u00f8rket.<\/p>\n<p><span style=\"font-weight: 400;\">N\u00e5r solen g\u00e5r ned, \u00e5bnes m\u00f8rknings\u00e6sken. \u00c6sken rummer forskellige perspektiver p\u00e5 m\u00f8rket i et digitalt lydv\u00e6rk og genstande, der v\u00e6kker sanserne. Alt smelter sammen i m\u00f8rket og lydv\u00e6rkets stemmer smelter sammen med vokalensemblet IKIs nordiske korsang og Jullie Hjetlands smukke fortolkning af &#8220;Stille hjerte, sol g\u00e5r ned&#8221;. M\u00f8rkningen afsluttes i stearinlyset sk\u00e6r, n\u00e5r m\u00f8rket har s\u00e6nket sig helt.<\/span><\/p>\n<p><span style=\"font-weight: 400;\">Henning Gammelgaard og Marianne Poulsen <\/span><span style=\"font-weight: 400;\">er aftenens v\u00e6rter.<\/span><\/p>\n<p>Arrangementet er en del af VINTERLAND, Fyn og \u00f8ers kulturfestival i m\u00f8rket, og det afvikles i samarbejde mellem Foreningen KULT, Nordfyns Kommune og Kulturregion Fyn.<\/p>\n<p>Festivalen er st\u00f8ttet af Region Syddanmark, \u00d8ernes Kunstfond og Friluftsr\u00e5det.<\/p>\n<p>Billetter:<br \/>\n<a href=\"https:\/\/foreningenkult.nemtilmeld.dk\/\">Billetk\u00f8b via NemTilmeld<\/a><\/p>\n","protected":false},"excerpt":{"rendered":"<p>Tidligere var naturens lys og m\u00f8rke med til at definere, hvorn\u00e5r vi arbejdede, hvorn\u00e5r vi sov, og hvordan vi var sammen. M\u00f8rket var den naturlige, rolige afslutning p\u00e5 en aktiv dag. Her samledes man n\u00e5r m\u00f8rket begyndte at falde p\u00e5 &hellip;<\/p>\n<p class=\"read-more\"> <a class=\"more-link\" href=\"http:\/\/foreningenkult.dk\/?tribe_events=myrkr-moerknings-aesken-en-hyldest-til-moerket\"> <span class=\"screen-reader-text\">MYRKR &#8211; M\u00f8rknings \u00c6sken: En hyldest til m\u00f8rket<\/span> Read More &raquo;<\/a><\/p>\n","protected":false},"author":1,"featured_media":1112,"comment_status":"open","ping_status":"closed","template":"","meta":{"_price":"","_stock":"","_tribe_ticket_header":"","_tribe_default_ticket_provider":"","_tribe_ticket_capacity":"0","_ticket_start_date":"","_ticket_end_date":"","_tribe_ticket_show_description":"","_tribe_ticket_show_not_going":false,"_tribe_ticket_use_global_stock":"","_tribe_ticket_global_stock_level":"","_global_stock_mode":"","_global_stock_cap":"","_tribe_rsvp_for_event":"","_tribe_ticket_going_count":"","_tribe_ticket_not_going_count":"","_tribe_tickets_list":[],"_tribe_ticket_has_attendee_info_fields":false,"_tribe_events_status":"","_tribe_events_status_reason":""},"tags":[],"tribe_events_cat":[],"ticketed":false,"_links":{"self":[{"href":"http:\/\/foreningenkult.dk\/index.php?rest_route=\/wp\/v2\/tribe_events\/1107"}],"collection":[{"href":"http:\/\/foreningenkult.dk\/index.php?rest_route=\/wp\/v2\/tribe_events"}],"about":[{"href":"http:\/\/foreningenkult.dk\/index.php?rest_route=\/wp\/v2\/types\/tribe_events"}],"author":[{"embeddable":true,"href":"http:\/\/foreningenkult.dk\/index.php?rest_route=\/wp\/v2\/users\/1"}],"replies":[{"embeddable":true,"href":"http:\/\/foreningenkult.dk\/index.php?rest_route=%2Fwp%2Fv2%2Fcomments&post=1107"}],"version-history":[{"count":8,"href":"http:\/\/foreningenkult.dk\/index.php?rest_route=\/wp\/v2\/tribe_events\/1107\/revisions"}],"predecessor-version":[{"id":1119,"href":"http:\/\/foreningenkult.dk\/index.php?rest_route=\/wp\/v2\/tribe_events\/1107\/revisions\/1119"}],"wp:featuredmedia":[{"embeddable":true,"href":"http:\/\/foreningenkult.dk\/index.php?rest_route=\/wp\/v2\/media\/1112"}],"wp:attachment":[{"href":"http:\/\/foreningenkult.dk\/index.php?rest_route=%2Fwp%2Fv2%2Fmedia&parent=1107"}],"wp:term":[{"taxonomy":"post_tag","embeddable":true,"href":"http:\/\/foreningenkult.dk\/index.php?rest_route=%2Fwp%2Fv2%2Ftags&post=1107"},{"taxonomy":"tribe_events_cat","embeddable":true,"href":"http:\/\/foreningenkult.dk\/index.php?rest_route=%2Fwp%2Fv2%2Ftribe_events_cat&post=1107"}],"curies":[{"name":"wp","href":"https:\/\/api.w.org\/{rel}","templated":true}]}}