{"id":1206,"date":"2026-03-11T17:06:17","date_gmt":"2026-03-11T16:06:17","guid":{"rendered":"https:\/\/foreningenkult.dk\/?post_type=tribe_events&#038;p=1206"},"modified":"2026-03-13T22:13:05","modified_gmt":"2026-03-13T21:13:05","slug":"verner-panton-en-verdensstjerne-film-og-samtale-en-saerlig-nordfynsk-fremvisning-med-en-fortaelling-om-pantons-roedder-paa-nordfyn","status":"publish","type":"tribe_events","link":"https:\/\/foreningenkult.dk\/?tribe_events=verner-panton-en-verdensstjerne-film-og-samtale-en-saerlig-nordfynsk-fremvisning-med-en-fortaelling-om-pantons-roedder-paa-nordfyn","title":{"rendered":"VERNER PANTON-EN VERDENSSTJERNE &#8211; Film og samtale (en s\u00e6rlig nordfynsk fremvisning med en fort\u00e6lling om Pantons r\u00f8dder p\u00e5 Nordfyn)"},"content":{"rendered":"<p><em>Copyright Verner Panton Design AG, grafik: Thea Sloth J\u00f8rgensen<\/em><\/p>\n<p>&nbsp;<\/p>\n<p>Verner Panton er en af de mest markante danske designere nogensinde \u2013 og samtidig en nordfynsk dreng, der satte farver p\u00e5 verden.<\/p>\n<p>Nu f\u00e5r vi en s\u00e6rlig mulighed for at opleve\u00a0<strong>Danmarks Radios nyeste portr\u00e6tprogram om Verner Panton<\/strong>\u00a0\u2013 og h\u00f8re historien bag programmet.<\/p>\n<p>Tilrettel\u00e6ggeren\u00a0<strong>Anne Pedersen fra DR Kultur<\/strong>\u00a0kommer til Bogense og introducerer programmet. Efter fremvisningen fort\u00e6ller hun om arbejdet med udsendelsen og svarer p\u00e5 sp\u00f8rgsm\u00e5l fra publikum.<\/p>\n<p>Anne Pedersen arbejder som redakt\u00f8r og tilrettel\u00e6gger i DR Kultur og st\u00e5r bag en r\u00e6kke kulturprogrammer, bl.a.\u00a0<em>Smagsdommerne<\/em>,\u00a0<em>Kulturelt<\/em>,\u00a0<em>Vild med b\u00f8ger<\/em>,\u00a0<em>B\u00f8ger, der g\u00f8r en forskel<\/em>,\u00a0<em>Nordisk design \u2013 en k\u00e6rlighedshistorie<\/em>,\u00a0<em>Hvad tror danskerne p\u00e5?<\/em>\u00a0og senest\u00a0<strong>\u201dVerner Panton \u2013 en dansk verdensstjerne\u201d<\/strong>.<\/p>\n<p>DR beskriver programmet s\u00e5dan:<\/p>\n<p>&#8220;Verner Panton designede farverige lamper og stole, der provokerede i sin samtid \u2013 og som i dag er elskede ikoner. I \u00e5r ville han v\u00e6re fyldt 100 \u00e5r, og fra Basel knokler hans datter og enke for at v\u00e6rne om hans designarv.<\/p>\n<p>Panton dr\u00f8mte om at g\u00f8re os friere. Med plastik, st\u00e6rke farver, bl\u00f8de former og psykedeliske totalmilj\u00f8er udfordrede han vores m\u00e5de at v\u00e6re sammen p\u00e5. Han var langt fra dansk designs ideal om tr\u00e6 og afd\u00e6mpede kul\u00f8rer og m\u00e5tte ud i Europa for at finde producenter og f\u00e5 sit store gennembrud.&#8221;<\/p>\n<p>Efter visningen forts\u00e6tter aftenen med\u00a0<strong>den nordfynske historie om Verner Panton<\/strong>.Arrang\u00f8rerne bag den lokale fejring af Pantons 100-\u00e5rs jubil\u00e6um fort\u00e6ller om hans familie, hans opv\u00e6kst og de spor, familien satte p\u00e5 Nordfyn.<\/p>\n<p>Det bliver en\u00a0<strong>uformel og n\u00e6rv\u00e6rende aften<\/strong>, hvor vi b\u00e5de ser den store internationale historie \u2013 og den lokale nordfynske fort\u00e6lling bag verdensstjernen.<\/p>\n<p>Tilmelding:<br \/>\n<a href=\"https:\/\/foreningenkult.nemtilmeld.dk\/\">Billetk\u00f8b via NemTilmeld<\/a><\/p>\n","protected":false},"excerpt":{"rendered":"<p>Copyright Verner Panton Design AG, grafik: Thea Sloth J\u00f8rgensen &nbsp; Verner Panton er en af de mest markante danske designere nogensinde \u2013 og samtidig en nordfynsk dreng, der satte farver p\u00e5 verden. Nu f\u00e5r vi en s\u00e6rlig mulighed for at &hellip;<\/p>\n<p class=\"read-more\"> <a class=\"more-link\" href=\"https:\/\/foreningenkult.dk\/?tribe_events=verner-panton-en-verdensstjerne-film-og-samtale-en-saerlig-nordfynsk-fremvisning-med-en-fortaelling-om-pantons-roedder-paa-nordfyn\"> <span class=\"screen-reader-text\">VERNER PANTON-EN VERDENSSTJERNE &#8211; Film og samtale (en s\u00e6rlig nordfynsk fremvisning med en fort\u00e6lling om Pantons r\u00f8dder p\u00e5 Nordfyn)<\/span> Read More &raquo;<\/a><\/p>\n","protected":false},"author":1,"featured_media":1207,"comment_status":"open","ping_status":"closed","template":"","meta":{"_price":"","_stock":"","_tribe_ticket_header":"","_tribe_default_ticket_provider":"","_tribe_ticket_capacity":"0","_ticket_start_date":"","_ticket_end_date":"","_tribe_ticket_show_description":"","_tribe_ticket_show_not_going":false,"_tribe_ticket_use_global_stock":"","_tribe_ticket_global_stock_level":"","_global_stock_mode":"","_global_stock_cap":"","_tribe_rsvp_for_event":"","_tribe_ticket_going_count":"","_tribe_ticket_not_going_count":"","_tribe_tickets_list":[],"_tribe_ticket_has_attendee_info_fields":false,"_tribe_events_status":"","_tribe_events_status_reason":""},"tags":[],"tribe_events_cat":[],"ticketed":false,"_links":{"self":[{"href":"https:\/\/foreningenkult.dk\/index.php?rest_route=\/wp\/v2\/tribe_events\/1206"}],"collection":[{"href":"https:\/\/foreningenkult.dk\/index.php?rest_route=\/wp\/v2\/tribe_events"}],"about":[{"href":"https:\/\/foreningenkult.dk\/index.php?rest_route=\/wp\/v2\/types\/tribe_events"}],"author":[{"embeddable":true,"href":"https:\/\/foreningenkult.dk\/index.php?rest_route=\/wp\/v2\/users\/1"}],"replies":[{"embeddable":true,"href":"https:\/\/foreningenkult.dk\/index.php?rest_route=%2Fwp%2Fv2%2Fcomments&post=1206"}],"version-history":[{"count":6,"href":"https:\/\/foreningenkult.dk\/index.php?rest_route=\/wp\/v2\/tribe_events\/1206\/revisions"}],"predecessor-version":[{"id":1214,"href":"https:\/\/foreningenkult.dk\/index.php?rest_route=\/wp\/v2\/tribe_events\/1206\/revisions\/1214"}],"wp:featuredmedia":[{"embeddable":true,"href":"https:\/\/foreningenkult.dk\/index.php?rest_route=\/wp\/v2\/media\/1207"}],"wp:attachment":[{"href":"https:\/\/foreningenkult.dk\/index.php?rest_route=%2Fwp%2Fv2%2Fmedia&parent=1206"}],"wp:term":[{"taxonomy":"post_tag","embeddable":true,"href":"https:\/\/foreningenkult.dk\/index.php?rest_route=%2Fwp%2Fv2%2Ftags&post=1206"},{"taxonomy":"tribe_events_cat","embeddable":true,"href":"https:\/\/foreningenkult.dk\/index.php?rest_route=%2Fwp%2Fv2%2Ftribe_events_cat&post=1206"}],"curies":[{"name":"wp","href":"https:\/\/api.w.org\/{rel}","templated":true}]}}