{"id":689,"date":"2023-08-08T09:41:24","date_gmt":"2023-08-08T07:41:24","guid":{"rendered":"https:\/\/foreningenkult.dk\/?post_type=tribe_events&#038;p=689"},"modified":"2023-12-18T10:54:45","modified_gmt":"2023-12-18T09:54:45","slug":"julekoncert-2","status":"publish","type":"tribe_events","link":"https:\/\/foreningenkult.dk\/?tribe_events=julekoncert-2","title":{"rendered":"JULEKONCERT AFLYST PGA SYGDOM!!"},"content":{"rendered":"<p>Trods KULT\u2019s korte levetid er det allerede en tradition med en julekoncert ugen op til juleaften. Ligesom sidste \u00e5r fremf\u00f8res julesangene p\u00e5 fornem vis af de to bragende dygtige sangere, Katrine Skovbo og Lars M\u00f8lsted, kendt fra musicalscenen i Fredericia og K\u00f8benhavn. De akkompagneres virtuost af pianisten Thomas M\u00f8ller.<\/p>\n<p>Aftenen vil byde p\u00e5 juleklassikere p\u00e5 b\u00e5de dansk og engelsk, fra salmer til musical til pop. Nyd blandt andre I\u2019ll Be Home for Christmas, Det Kimer Nu Til Julefest, Have Yourself a Merry Little Christmas, Julen har Bragt Velsignet Bud og andre klassikere der fortr\u00e6nger vinterkulden og varmer julehjerterne.<\/p>\n<p>G\u00e5 ikke glip af denne fantastiske mulighed for at komme i musikalsk julestemning \u2013 og hvorfor ikke ogs\u00e5 nyde et glas af KULTs l\u00e6kre hjemmelavede gl\u00f8gg til julens toner\u2026<\/p>\n<p><span style=\"color: #000000;\">Tilmelding:<\/span><br \/>\n<span style=\"color: #000000;\"><a style=\"color: #000000;\" href=\"https:\/\/foreningenkult.nemtilmeld.dk\/\">Billetk\u00f8b via NemTilmeld<\/a><\/span><\/p>\n","protected":false},"excerpt":{"rendered":"<p>Trods KULT\u2019s korte levetid er det allerede en tradition med en julekoncert ugen op til juleaften. Ligesom sidste \u00e5r fremf\u00f8res julesangene p\u00e5 fornem vis af de to bragende dygtige sangere, Katrine Skovbo og Lars M\u00f8lsted, kendt fra musicalscenen i Fredericia &hellip;<\/p>\n<p class=\"read-more\"> <a class=\"more-link\" href=\"https:\/\/foreningenkult.dk\/?tribe_events=julekoncert-2\"> <span class=\"screen-reader-text\">JULEKONCERT AFLYST PGA SYGDOM!!<\/span> Read More &raquo;<\/a><\/p>\n","protected":false},"author":1,"featured_media":690,"comment_status":"closed","ping_status":"closed","template":"","meta":{"_price":"","_stock":"","_tribe_ticket_header":"","_tribe_default_ticket_provider":"","_tribe_ticket_capacity":"0","_ticket_start_date":"","_ticket_end_date":"","_tribe_ticket_show_description":"","_tribe_ticket_show_not_going":false,"_tribe_ticket_use_global_stock":"","_tribe_ticket_global_stock_level":"","_global_stock_mode":"","_global_stock_cap":"","_tribe_rsvp_for_event":"","_tribe_ticket_going_count":"","_tribe_ticket_not_going_count":"","_tribe_tickets_list":[],"_tribe_ticket_has_attendee_info_fields":false,"_tribe_events_status":"","_tribe_events_status_reason":""},"tags":[],"tribe_events_cat":[6],"ticketed":false,"_links":{"self":[{"href":"https:\/\/foreningenkult.dk\/index.php?rest_route=\/wp\/v2\/tribe_events\/689"}],"collection":[{"href":"https:\/\/foreningenkult.dk\/index.php?rest_route=\/wp\/v2\/tribe_events"}],"about":[{"href":"https:\/\/foreningenkult.dk\/index.php?rest_route=\/wp\/v2\/types\/tribe_events"}],"author":[{"embeddable":true,"href":"https:\/\/foreningenkult.dk\/index.php?rest_route=\/wp\/v2\/users\/1"}],"replies":[{"embeddable":true,"href":"https:\/\/foreningenkult.dk\/index.php?rest_route=%2Fwp%2Fv2%2Fcomments&post=689"}],"version-history":[{"count":5,"href":"https:\/\/foreningenkult.dk\/index.php?rest_route=\/wp\/v2\/tribe_events\/689\/revisions"}],"predecessor-version":[{"id":723,"href":"https:\/\/foreningenkult.dk\/index.php?rest_route=\/wp\/v2\/tribe_events\/689\/revisions\/723"}],"wp:featuredmedia":[{"embeddable":true,"href":"https:\/\/foreningenkult.dk\/index.php?rest_route=\/wp\/v2\/media\/690"}],"wp:attachment":[{"href":"https:\/\/foreningenkult.dk\/index.php?rest_route=%2Fwp%2Fv2%2Fmedia&parent=689"}],"wp:term":[{"taxonomy":"post_tag","embeddable":true,"href":"https:\/\/foreningenkult.dk\/index.php?rest_route=%2Fwp%2Fv2%2Ftags&post=689"},{"taxonomy":"tribe_events_cat","embeddable":true,"href":"https:\/\/foreningenkult.dk\/index.php?rest_route=%2Fwp%2Fv2%2Ftribe_events_cat&post=689"}],"curies":[{"name":"wp","href":"https:\/\/api.w.org\/{rel}","templated":true}]}}